{"id":2059,"date":"2023-11-09T18:20:59","date_gmt":"2023-11-09T17:20:59","guid":{"rendered":"https:\/\/lerjen-grogg.ch\/site\/?page_id=2059"},"modified":"2023-12-22T16:27:25","modified_gmt":"2023-12-22T15:27:25","slug":"datenschutzerklaerung","status":"publish","type":"page","link":"https:\/\/lerjen-grogg.ch\/site\/datenschutzerklaerung\/","title":{"rendered":"Datenschutzerkl\u00e4rung"},"content":{"rendered":"\n<p class=\"has-large-font-size\"><strong>Datenschutzerkl\u00e4rung<\/strong><\/p>\n\n\n\n<h3 class=\"wp-block-heading\">1. Einleitung<\/h3>\n\n\n\n<p>Im Folgenden informieren wir \u00fcber die Bearbeitung von Personendaten<\/p>\n\n\n\n<ul class=\"wp-block-list\">\n<li>auf unserer Website https:\/\/lerjen-grogg.ch<\/li>\n\n\n\n<li>in unseren Profile in Sozialen Medien<\/li>\n\n\n\n<li>im Rahmen von Bewerbungsverfahren<\/li>\n\n\n\n<li>au\u00dferhalb der Website (z.B. bei der Weitergabe an Empf\u00e4nger der Daten).<\/li>\n<\/ul>\n\n\n\n<p>Personendaten sind alle Angaben, die sich auf eine bestimmte oder bestimmbare nat\u00fcrliche Person beziehen, z. B. ihr Name oder ihre E-Mail-Adresse.<\/p>\n\n\n\n<h4 class=\"wp-block-heading\">1.1. Kontaktdaten<\/h4>\n\n\n\n<p>Verantwortlicher gem. Art. 5 lit. j Bundesgesetz \u00fcber den Datenschutz (Datenschutzgesetz, DSG) ist Neutrales Versicherungsb\u00fcro Lerjen &amp; Grogg GmbH, Gliserallee 119, 3902 Brig-Glis, Schweiz, E-Mail: info@lerjen-grogg.ch. Gesetzlich vertreten werden wir durch Lerjen Jean-Claude.<\/p>\n\n\n\n<p>Unser Datenschutzberater ist \u00fcber die heyData GmbH, Sch\u00fctzenstra\u00dfe 5, 10117 Berlin, <a href=\"https:\/\/www.heydata.eu\">www.heydata.eu<\/a>, E-Mail: datenschutz@heydata.eu erreichbar.<\/p>\n\n\n\n<h4 class=\"wp-block-heading\">1.2. Bekanntgabe ins Ausland<\/h4>\n\n\n\n<p>Soweit wir Personen an Dienstleister oder sonstige Dritte au\u00dferhalb der Schweiz \u00fcbermitteln, garantieren meist Entscheide des Bundesrats nach Art. 16 Ab. 1 DSG die Sicherheit der Daten bei der Weitergabe. Nach diesen Entscheiden gew\u00e4hrleistet die dortige Gesetzgebung einen angemessenen Schutz. Eine solche Angemessenheit hat der Bundesrat f\u00fcr die in Art. 8 Abs. 1 Verordnung \u00fcber den Datenschutz (Datenschutzverordnung, DSV) i. V. m. Anhang 1 genannten Staaten, Gebiete, spezifischen Sektoren in einem Staat und internationalen Organe festgestellt. Diese sind unter <a href=\"https:\/\/www.bj.admin.ch\/bj\/de\/home\/staat\/datenschutz\/internationales\/anerkennung-staaten.html\">https:\/\/www.bj.admin.ch\/bj\/de\/home\/staat\/datenschutz\/internationales\/anerkennung-staaten.html<\/a>abrufbar.<\/p>\n\n\n\n<p>Das ist f\u00fcr folgende Staaten der Fall:<\/p>\n\n\n\n<ul class=\"wp-block-list\">\n<li>Deutschland<\/li>\n\n\n\n<li>Andorra<\/li>\n\n\n\n<li>Argentinien<\/li>\n\n\n\n<li>\u00d6sterreich<\/li>\n\n\n\n<li>Belgien<\/li>\n\n\n\n<li>Bulgarien<\/li>\n\n\n\n<li>Kanada (Ein angemessener Datenschutz gilt als gew\u00e4hrleistet, wenn das kanadische Bundesgesetz \u00abLoi sur la protection des renseignements personnels et les documents \u00e9lectroniques\u00bb vom 13. April 2000 im privaten Bereich oder das Gesetz einer kanadischen Provinz, das diesem Bundesgesetz weitgehend entspricht, zur Anwendung gelangt. Das Bundesgesetz gilt f\u00fcr Personendaten, die im Rahmen kommerzieller T\u00e4tigkeiten beschafft, bearbeitet oder bekanntgegeben werden, unabh\u00e4ngig davon, ob es sich um Organisationen wie Vereine, Personengesellschaften, Einzelpersonen oder Gewerkschaften oder bundesrechtlich geregelte Unternehmen wie Anlagen, Werke, Unternehmen oder Gesch\u00e4ftst\u00e4tigkeiten, die in die Gesetzgebungskompetenz des kanadischen Parlaments fallen, handelt. Die Provinzen Qu\u00e9bec, British Columbia und Alberta haben ein Gesetz erlassen, das dem Bundesgesetz weitgehend entspricht; die Provinzen Ontario, New Brunswick, Neufundland und Labrador und Neuschottland haben ein Gesetz erlassen, das im Bereich der Gesundheitsdaten diesem Gesetz weitgehend entspricht. In allen kanadischen Provinzen gilt das Bundesgesetz f\u00fcr alle Personendaten, die von bundesrechtlich geregelten Unternehmen beschafft, bearbeitet oder bekanntgegeben werden, einschliesslich der Daten \u00fcber Angestellte dieser Unternehmen. Das Bundesgesetz gilt auch f\u00fcr Personendaten, die im Rahmen kommerzieller T\u00e4tigkeiten in eine andere Provinz oder in ein anderes Land \u00fcbermittelt werden.)<\/li>\n\n\n\n<li>Zypern<\/li>\n\n\n\n<li>Kroatien<\/li>\n\n\n\n<li>D\u00e4nemark<\/li>\n\n\n\n<li>Spanien<\/li>\n\n\n\n<li>Estland<\/li>\n\n\n\n<li>Finnland<\/li>\n\n\n\n<li>Frankreich<\/li>\n\n\n\n<li>Gibraltar<\/li>\n\n\n\n<li>Griechenland<\/li>\n\n\n\n<li>Guernsey<\/li>\n\n\n\n<li>Ungarn<\/li>\n\n\n\n<li>Isle of Man<\/li>\n\n\n\n<li>F\u00e4r\u00f6er<\/li>\n\n\n\n<li>Irland<\/li>\n\n\n\n<li>Island<\/li>\n\n\n\n<li>Israel<\/li>\n\n\n\n<li>Italien<\/li>\n\n\n\n<li>Jersey<\/li>\n\n\n\n<li>Lettland<\/li>\n\n\n\n<li>Liechtenstein<\/li>\n\n\n\n<li>Litauen<\/li>\n\n\n\n<li>Luxemburg<\/li>\n\n\n\n<li>Malta<\/li>\n\n\n\n<li>Monaco<\/li>\n\n\n\n<li>Norwegen<\/li>\n\n\n\n<li>Neuseeland<\/li>\n\n\n\n<li>Niederlande<\/li>\n\n\n\n<li>Polen<\/li>\n\n\n\n<li>Portugal<\/li>\n\n\n\n<li>Tschechien<\/li>\n\n\n\n<li>Rum\u00e4nien<\/li>\n\n\n\n<li>Vereinigtes K\u00f6nigreich<\/li>\n\n\n\n<li>Slowakei<\/li>\n\n\n\n<li>Slowenien<\/li>\n\n\n\n<li>Schweden<\/li>\n\n\n\n<li>Uruguay<\/li>\n<\/ul>\n\n\n\n<p>In anderen F\u00e4llen (z.B. wenn kein Entscheid \u00fcber die Angemessenheit existiert), sind Rechtsgrundlage f\u00fcr die Datenweitergabe im Regelfall, also soweit wir keinen abweichenden Hinweis geben, Standarddatenschutzklauseln. Diese sind ein vom Eidgen\u00f6ssischen Datenschutz- und \u00d6ffentlichkeitsbeauftragten (ED\u00d6B) verabschiedetes Regelwerk und Teil des Vertrags mit dem jeweiligen Dritten. Nach Art. 16 Abs. 2 lit. d DSG gew\u00e4hrleisten sie die Sicherheit bei der Datenweitergabe. Viele der Anbieter haben \u00fcber die Standardvertragsklauseln hinausgehende vertragliche Garantien abgegeben, die die Daten \u00fcber die Standardvertragsklauseln hinaus sch\u00fctzen. Das sind z.B. Garantien hinsichtlich der Verschl\u00fcsselung der Daten oder hinsichtlich einer Pflicht des Dritten zum Hinweis an Betroffene, wenn Strafverfolgungsorgane auf Daten zugreifen wollen.<\/p>\n\n\n\n<h4 class=\"wp-block-heading\">1.3. Rechte der Betroffenen<\/h4>\n\n\n\n<p>Betroffene haben grunds\u00e4tzlich gegen\u00fcber uns u.a. folgende Rechte hinsichtlich der sie betreffenden Personendaten:<\/p>\n\n\n\n<ul class=\"wp-block-list\">\n<li>Recht auf Auskunft, ob Personendaten \u00fcber sie bearbeitet werden.<\/li>\n\n\n\n<li>Recht auf Herausgabe ihrer Personendaten, die sie gegen\u00fcber uns bekanntgegeben hat,<\/li>\n\n\n\n<li>Recht auf Berichtigung,<\/li>\n\n\n\n<li>Recht auf Widerspruch gegen die Bearbeitung.<\/li>\n<\/ul>\n\n\n\n<h3 class=\"wp-block-heading\">2. Newsletter<\/h3>\n\n\n\n<p>Wir behalten uns vor, Kunden, die bereits Dienstleistungen von uns in Anspruch genommen haben oder Waren gekauft haben, von Zeit zu Zeit per E-Mail oder auf anderem Weg elektronisch \u00fcber unsere Angebote zu informieren, falls sie dem nicht widersprochen haben. Die Bearbeitung erfolgt zum Zwecke des Direktmarketings. Empf\u00e4nger der Kommunikation k\u00f6nnen der Verwendung ihrer E-Mail-Adresse oder weiteren Kommunikationsdaten zu Werbezwecken jederzeit ohne zus\u00e4tzliche Kosten widersprechen, zum Beispiel \u00fcber den Link am Ende einer jeden E-Mail oder per E-Mail an unsere oben genannte E-Mail-Adresse.<\/p>\n\n\n\n<p>Interessenten haben die M\u00f6glichkeit, einen kostenlosen Newsletter zu abonnieren. Wir bearbeiten die bei der Anmeldung angegebenen Daten f\u00fcr den Versand des Newsletters. Die Anmeldung erfolgt \u00fcber die Auswahl des entsprechenden Feldes auf unserer Website, durch Ankreuzen des entsprechenden Feldes in einem Papierdokument oder durch eine andere eindeutige Handlung, wodurch Interessenten ihr Einverst\u00e4ndnis in die Bearbeitung ihrer Daten erkl\u00e4ren. Wir bearbeiten die Daten zum Zwecke des Direktmarketings. Die Einwilligung des Interessenten kann jederzeit widerrufen werden, z.B. durch Klicken des entsprechenden Links im Newsletter oder Hinweis an unsere oben angegebene E-Mail-Adresse.<\/p>\n\n\n\n<h3 class=\"wp-block-heading\">3. Datenbearbeitung auf unserer Website \u200bhttps:\/\/lerjen-grogg.ch\u200b<\/h3>\n\n\n\n<h4 class=\"wp-block-heading\">3.1. Informatorische Nutzung der Website<\/h4>\n\n\n\n<p>Bei der informatorischen Nutzung der Website, also wenn Seitenbesucher uns nicht gesondert Informationen \u00fcbermitteln, erheben wir die Personendaten, die der Browser an unseren Server \u00fcbermittelt, um die Stabilit\u00e4t und Sicherheit unserer Website zu gew\u00e4hrleisten. Dies dient der Sicherstellung der IT-Sicherheit der Website.<\/p>\n\n\n\n<p>Diese Daten sind z.B.:<\/p>\n\n\n\n<ul class=\"wp-block-list\">\n<li>IP-Adresse<\/li>\n\n\n\n<li>Datum und Uhrzeit der Anfrage<\/li>\n\n\n\n<li>Zeitzonendifferenz zur Greenwich Mean Time (GMT)<\/li>\n\n\n\n<li>Inhalt der Anfrage (konkrete Seite)<\/li>\n\n\n\n<li>Zugriffsstatus\/HTTP-Statuscode<\/li>\n\n\n\n<li>jeweils \u00fcbertragene Datenmenge<\/li>\n\n\n\n<li>Website, von der die Anfrage kommt<\/li>\n\n\n\n<li>Browser<\/li>\n\n\n\n<li>Betriebssystem und dessen Oberfl\u00e4che<\/li>\n\n\n\n<li>Sprache und Version der Browsersoftware.<\/li>\n<\/ul>\n\n\n\n<p>Diese Daten werden au\u00dferdem in Logfiles gespeichert.<\/p>\n\n\n\n<h4 class=\"wp-block-heading\">3.2. Daten auf fremden Ger\u00e4ten<\/h4>\n\n\n\n<p>\u00dcber unsere Website bearbeiten wir im in dem vorhergehenden und den folgenden Abschnitten beschriebenen Rahmen Daten auf fremden Ger\u00e4ten durch fernmeldetechnische \u00dcbertragung.<\/p>\n\n\n\n<p>Besucher k\u00f6nnen die Bearbeitung ablehnen, z. B. indem sie in ihrem Browser entsprechende Voreinstellungen treffen und so Cookies blockieren oder l\u00f6schen.<\/p>\n\n\n\n<h4 class=\"wp-block-heading\">3.3. Webhosting und Bereitstellung der Website<\/h4>\n\n\n\n<p>Unsere Website hostet Bar Informatik. Anbieter ist BAR Informatik AG, Weidenweg 235, 3902 Glis, Schweiz. Der Anbieter bearbeitet dabei die \u00fcber die Website \u00fcbermittelten Personendaten, die teilweise auch in anderen Abschnitten dieser Datenschutzerkl\u00e4rung genannt sind, z.B. Inhalts-, Nutzungs-, Meta-\/Kommunikationsdaten oder Kontaktdaten. Der Anbieter ist deshalb Empf\u00e4nger der Daten. Weitere Informationen finden sich in der Datenschutzerkl\u00e4rung des Anbieters unter https:\/\/barinformatik.ch\/portraet\/agb-rechtliches\/. Die Bearbeitung ist eine Voraussetzung daf\u00fcr, dass wir eine Website anbieten k\u00f6nnen und uns so nach au\u00dfen pr\u00e4sentieren.<\/p>\n\n\n\n<h3 class=\"wp-block-heading\">4. Datenbearbeitung auf Social Media-Plattformen<\/h3>\n\n\n\n<p>Wir sind in Social Media-Netzwerken vertreten, um dort unsere Organisation und unsere Leistungen vorzustellen. Die Betreiber dieser Netzwerke bearbeiten Daten ihrer Nutzer regelm\u00e4\u00dfig zu Werbezwecken. Unter anderem erstellen sie aus ihrem Onlineverhalten Nutzerprofile, die beispielsweise dazu verwendet werden, um auf den Seiten der Netzwerke und auch sonst im Internet Werbung zu zeigen, die den Interessen der Nutzer entspricht. Dazu speichern die Betreiber der Netzwerke Informationen zu dem Nutzungsverhalten in Cookies auf dem Rechner der Nutzer. Es ist au\u00dferdem nicht auszuschlie\u00dfen, dass die Betreiber diese Informationen mit weiteren Daten zusammenf\u00fchren. Weitere Informationen sowie Hinweise, wie Nutzer der Bearbeitung durch die Seitenbetreiber widersprechen k\u00f6nnen, erhalten Nutzer in den unten aufgef\u00fchrten Datenschutzerkl\u00e4rungen der jeweiligen Betreiber. Es kann auch sein, dass die Betreiber oder ihre Server im Ausland sitzen, so dass sie Daten dort bearbeiten. Hierdurch k\u00f6nnen sich f\u00fcr die Nutzer Risiken ergeben, z.B. weil die Durchsetzung ihrer Rechte erschwert wird oder staatliche Stellen Zugriff auf die Daten nehmen.<\/p>\n\n\n\n<p>Wenn Nutzer der Netzwerke mit uns \u00fcber unsere Profile in Kontakt treten, bearbeiten wir die uns mitgeteilten Daten, um die Anfragen zu beantworten.<\/p>\n\n\n\n<h4 class=\"wp-block-heading\">4.1. Facebook<\/h4>\n\n\n\n<p>Wir unterhalten ein Profil auf Facebook. Betreiber ist Meta Platforms Ireland Ltd., 4 Grand Canal Square, Grand Canal Harbour, Dublin 2, Irland. Die Datenschutzerkl\u00e4rung ist hier abrufbar: https:\/\/www.facebook.com\/policy.php. Eine M\u00f6glichkeit, der Datenbearbeitung zu widersprechen, ergibt sich \u00fcber Einstellungen f\u00fcr Werbeanzeigen: https:\/\/www.facebook.com\/settings?tab=ads.<br>Wir sind auf Grundlage einer Vereinbarung gemeinsam mit Facebook f\u00fcr die Bearbeitung der Daten der Besucher unseres Profils verantwortlich. Welche Daten genau bearbeitet werden, erkl\u00e4rt Facebook unter https:\/\/www.facebook.com\/legal\/terms\/information_about_page_insights_data. Betroffene k\u00f6nnen ihre Rechte sowohl gegen\u00fcber uns als auch gegen\u00fcber Facebook wahrnehmen. Nach unserer Vereinbarung mit Facebook sind wir aber dazu verpflichtet, Anfragen an Facebook weiterzuleiten. Betroffene erhalten also eine schnellere R\u00fcckmeldung, wenn sie sich direkt an Facebook wenden.<\/p>\n\n\n\n<h3 class=\"wp-block-heading\">5. Datenbearbeitung von Bewerbern<\/h3>\n\n\n\n<p>Wenn sich Personen bei uns auf offene Stellen bewerben oder uns Initiativbewerbungen einreichen, bearbeiten wir ihre Daten f\u00fcr Zwecke des Bewerbungsverfahrens.<\/p>\n\n\n\n<p>Es kann auch sein, dass wir interessante Bewerber direkt f\u00fcr eine Stelle anschreiben. In diesem Fall bearbeiten wir ihre Stammdaten (z.B. Name), Kontaktdaten (z.B. E-Mail-Adresse) sowie weitere Daten, die f\u00fcr die konkrete Stelle interessant sein k\u00f6nnen.<\/p>\n\n\n\n<p>Empf\u00e4nger der Daten sind im Rahmen des Bewerbungsverfahrens eingesetzte Dienstleister (z.B. Auftragsbearbeiter im Rahmen des Recruitings) und Anbieter von Cloud-Software, die wir einsetzen. Empf\u00e4nger, die wir aktuell identifizieren k\u00f6nnen, haben wir unten im Abschnitt &#171;Empf\u00e4nger von Daten&#187; aufgef\u00fchrt.<\/p>\n\n\n\n<p>Wir bitten Bewerber, in Lebenslauf und Anschreiben auf Angaben zu politischen Meinungen, religi\u00f6sen Anschauungen und \u00e4hnlich sensiblen Daten zu verzichten. Sie sind nicht f\u00fcr eine Bewerbung erforderlich. Wenn Bewerber dennoch entsprechende Angaben machen, k\u00f6nnen wir ihre Bearbeitung nicht verhindern.<\/p>\n\n\n\n<h3 class=\"wp-block-heading\">6. Datenbearbeitung au\u00dferhalb der Website<\/h3>\n\n\n\n<h4 class=\"wp-block-heading\">6.1. Bearbeitungszwecke<\/h4>\n\n\n\n<p>Wir bearbeiten Personendaten zu den im Folgenden oder an anderer Stelle in diesem Dokument (z.B. unter &#171;Empf\u00e4nger von Daten&#187;) genannten Zwecken:<\/p>\n\n\n\n<ul class=\"wp-block-list\">\n<li>Erbringung vertraglicher Leistungen und Erf\u00fcllung vertraglicher Pflichten<\/li>\n\n\n\n<li>Kontaktaufnahme (z.B. per E-Mail oder Telefon)<\/li>\n\n\n\n<li>Kommunikation<\/li>\n\n\n\n<li>Beantwortung von Anfragen<\/li>\n\n\n\n<li>IT-Sicherheitsma\u00dfnahmen<\/li>\n\n\n\n<li>Direktmarketing<\/li>\n\n\n\n<li>Anfrage und Ber\u00fccksichtigung von Feedback<\/li>\n\n\n\n<li>Sicherheitsma\u00dfnahmen in unserem B\u00fcro<\/li>\n<\/ul>\n\n\n\n<h4 class=\"wp-block-heading\">6.2. Empf\u00e4nger von Daten<\/h4>\n\n\n\n<p>Empf\u00e4nger von Daten sind von uns eingesetzte Dienstleister (z.B. Auftragsbearbeiter), Anbieter von Cloud-Software, die wir einsetzen, und andere externe Stellen. Empf\u00e4nger, die wir aktuell identifizieren k\u00f6nnen, f\u00fchren wir namentlich im Folgenden auf. Die Liste ist jedoch nicht abschlie\u00dfend zu verstehen.<\/p>\n\n\n\n<h4 class=\"wp-block-heading\">6.2.1. \u200bMicrosoft Azure\u200b<\/h4>\n\n\n\n<p>Wir setzen einen Dienst des Anbieters Microsoft Corporation, One Microsoft Way, Redmond, WA 98052-6399, USA (Datenschutzerkl\u00e4rung: https:\/\/privacy.microsoft.com\/de-de\/privacystatement?culture=de-de&amp;country=DE) als Platform-as-a-Service, als serverlose Rechenumgebungen und als Infrastruktur-as-a-Service ein. Der Anbieter ist Empf\u00e4nger von Personendaten im Rahmen der genannten Bearbeitung. Betroffene Personen sind Mitarbeiter, Nutzer, Dritte und Kunden.<\/p>\n\n\n\n<p>Der Anbieter bearbeitet Personendaten in der EU. Hinweise zu Garantien nach Artikel 16 Absatz 2 finden sich im Abschnitt &#171;Bekanntgabe ins Ausland&#187;.<\/p>\n\n\n\n<h4 class=\"wp-block-heading\">6.2.2. \u200bMicrosoft 365\u200b<\/h4>\n\n\n\n<p>Wir setzen einen Dienst des Anbieters Microsoft Corporation, One Microsoft Way, Redmond, WA 98052-6399, USA (Datenschutzerkl\u00e4rung: https:\/\/privacy.microsoft.com\/de-de\/privacystatement?culture=de-de&amp;country=DE) zum Verfassen von Dokumenten, zur Speicherung in der Cloud und zur Zusammenarbeit bei der Arbeit ein. Der Anbieter ist Empf\u00e4nger von Personendaten im Rahmen der genannten Bearbeitung. Betroffene Personen sind Mitarbeiter, Nutzer, Dritte und Kunden.<\/p>\n\n\n\n<p>Der Anbieter bearbeitet Personendaten in der EU. Hinweise zu Garantien nach Artikel 16 Absatz 2 finden sich im Abschnitt &#171;Bekanntgabe ins Ausland&#187;.<\/p>\n\n\n\n<h4 class=\"wp-block-heading\">6.2.3. \u200bOneDrive for Business\u200b<\/h4>\n\n\n\n<p>Wir setzen einen Dienst des Anbieters Microsoft Corporation, One Microsoft Way, Redmond, WA 98052-6399, USA (Datenschutzerkl\u00e4rung: https:\/\/privacy.microsoft.com\/de-de\/privacystatement?culture=de-de&amp;country=DE) zur Speicherung in der Cloud und zur Zusammenarbeit bei der Arbeit ein. Der Anbieter ist Empf\u00e4nger von Personendaten im Rahmen der genannten Bearbeitung. Betroffene Personen sind Mitarbeiter, Nutzer, Dritte und Kunden.<\/p>\n\n\n\n<p>Der Anbieter bearbeitet Personendaten in der EU. Hinweise zu Garantien nach Artikel 16 Absatz 2 finden sich im Abschnitt &#171;Bekanntgabe ins Ausland&#187;.<\/p>\n\n\n\n<h4 class=\"wp-block-heading\">6.2.4. \u200bMicrosoft Teams\u200b<\/h4>\n\n\n\n<p>Wir setzen einen Dienst des Anbieters Microsoft Corporation, One Microsoft Way, Redmond, WA 98052-6399, USA (Datenschutzerkl\u00e4rung: https:\/\/privacy.microsoft.com\/de-de\/privacystatement?culture=de-de&amp;country=DE) f\u00fcr Videokonferenzen ein. Der Anbieter ist Empf\u00e4nger von Personendaten im Rahmen der genannten Bearbeitung. Betroffene Personen sind Nutzer.<\/p>\n\n\n\n<p>Der Anbieter bearbeitet Personendaten in den USA. Hinweise zu Garantien nach Artikel 16 Absatz 2 finden sich im Abschnitt &#171;Bekanntgabe ins Ausland&#187;.<\/p>\n\n\n\n<h4 class=\"wp-block-heading\">6.2.5. \u200b3CX\u200b<\/h4>\n\n\n\n<p>Wir setzen einen Dienst des Anbieters 3CX Ltd., 4 Markou Drakou, 2409 Engomi, Nicosia, Zypern (Datenschutzerkl\u00e4rung: https:\/\/www.3cx.com\/company\/privacy\/) f\u00fcr Videokonferenzen und zur Kommunikation ein. Der Anbieter ist Empf\u00e4nger von Personendaten im Rahmen der genannten Bearbeitung. Betroffene Personen sind Mitarbeiter und Kunden.<\/p>\n\n\n\n<p>Der Anbieter bearbeitet Personendaten in der EU. Hinweise zu Garantien nach Artikel 16 Absatz 2 finden sich im Abschnitt &#171;Bekanntgabe ins Ausland&#187;.<\/p>\n\n\n\n<h4 class=\"wp-block-heading\">6.2.6. \u200bMicrosoft Teams\u200b<\/h4>\n\n\n\n<p>Wir setzen einen Dienst des Anbieters Microsoft Corporation, One Microsoft Way, Redmond, WA 98052-6399, USA (Datenschutzerkl\u00e4rung: https:\/\/privacy.microsoft.com\/de-de\/privacystatement?culture=de-de&amp;country=DE) f\u00fcr Videokonferenzen ein. Der Anbieter ist Empf\u00e4nger von Personendaten im Rahmen der genannten Bearbeitung. Betroffene Personen sind Nutzer.<\/p>\n\n\n\n<p>Der Anbieter bearbeitet Personendaten in der EU. Hinweise zu Garantien nach Artikel 16 Absatz 2 finden sich im Abschnitt &#171;Bekanntgabe ins Ausland&#187;.<\/p>\n\n\n\n<h4 class=\"wp-block-heading\">6.2.8. \u200bWhatsApp Business\u200b<\/h4>\n\n\n\n<p>Wir setzen einen Dienst des Anbieters WhatsApp Ireland Limited, 4 Grand Canal Square, Grand Canal Harbour, Dublin 2, Irland. (Datenschutzerkl\u00e4rung: https:\/\/www.whatsapp.com\/legal\/updates\/privacy-policy-eea) zur Kommunikation ein. Der Anbieter ist Empf\u00e4nger von Personendaten im Rahmen der genannten Bearbeitung. Betroffene Personen sind Mitarbeiter und Kunden.<\/p>\n\n\n\n<p>Der Anbieter bearbeitet Personendaten in den USA. Hinweise zu Garantien nach Artikel 16 Absatz 2 finden sich im Abschnitt &#171;Bekanntgabe ins Ausland&#187;.<\/p>\n\n\n\n<h4 class=\"wp-block-heading\">6.2.9. \u200bMicrosoft Teams\u200b<\/h4>\n\n\n\n<p>Wir setzen einen Dienst des Anbieters Microsoft Corporation, One Microsoft Way, Redmond, WA 98052-6399, USA (Datenschutzerkl\u00e4rung: https:\/\/privacy.microsoft.com\/de-de\/privacystatement?culture=de-de&amp;country=DE) zur Kommunikation ein. Der Anbieter ist Empf\u00e4nger von Personendaten im Rahmen der genannten Bearbeitung. Betroffene Personen sind Mitarbeiter und Kunden.<\/p>\n\n\n\n<p>Der Anbieter bearbeitet Personendaten in den USA. Hinweise zu Garantien nach Artikel 16 Absatz 2 finden sich im Abschnitt &#171;Bekanntgabe ins Ausland&#187;.<\/p>\n\n\n\n<h4 class=\"wp-block-heading\">6.2.10. \u200bInfoniqa\u200b<\/h4>\n\n\n\n<p>Wir setzen einen Dienst des Anbieters Infoniqa Holding GmbH, Dragonerstra\u00dfe 67, 4600 Wels, \u00d6sterreich (Datenschutzerkl\u00e4rung: https:\/\/www.infoniqa.com\/de-de\/datenschutz\/) zur Buchhaltung und zum Management von Mitarbeitern ein. Der Anbieter ist Empf\u00e4nger von Personendaten im Rahmen der genannten Bearbeitung. Betroffene Personen sind Mitarbeiter.<\/p>\n\n\n\n<p>Der Anbieter bearbeitet Personendaten in der EU. Hinweise zu Garantien nach Artikel 16 Absatz 2 finden sich im Abschnitt &#171;Bekanntgabe ins Ausland&#187;.<\/p>\n\n\n\n<h4 class=\"wp-block-heading\">6.2.11. \u200bWinVS\u200b<\/h4>\n\n\n\n<p>Wir setzen einen Dienst des Anbieters winVS software AG, Haldenstrasse 5, CH &#8211; 6340 Baar, Schweiz (Datenschutzerkl\u00e4rung: http:\/\/www.winvs.ch\/datenschutzerkl%C3%A4rung) f\u00fcr maklerspezfisiche Dienstleistungen ein. Der Anbieter ist Empf\u00e4nger von Personendaten im Rahmen der genannten Bearbeitung. Betroffene Personen sind Interessenten und Kunden.<\/p>\n\n\n\n<h4 class=\"wp-block-heading\">6.2.12. \u200bMicrosoft Dynamics 365\u200b<\/h4>\n\n\n\n<p>Wir setzen einen Dienst des Anbieters Microsoft Corporation, One Microsoft Way, Redmond, WA 98052-6399, USA (Datenschutzerkl\u00e4rung: https:\/\/privacy.microsoft.com\/de-de\/privacystatement?culture=de-de&amp;country=DE) zum Management von Kundenbeziehungen ein. Der Anbieter ist Empf\u00e4nger von Personendaten im Rahmen der genannten Bearbeitung. Betroffene Personen sind Interessenten, Mitarbeiter und Kunden.<\/p>\n\n\n\n<p>Der Anbieter bearbeitet Personendaten in der EU. Hinweise zu Garantien nach Artikel 16 Absatz 2 finden sich im Abschnitt &#171;Bekanntgabe ins Ausland&#187;.<\/p>\n\n\n\n<h4 class=\"wp-block-heading\">6.2.13. \u200bEcoHub\u200b<\/h4>\n\n\n\n<p>Wir setzen einen Dienst des Anbieters EcoHub AG, Hardstrasse 201, 8005 Z\u00fcrich, Schweiz (Datenschutzerkl\u00e4rung: https:\/\/www.myecohub.ch\/dataprivacy\/) f\u00fcr maklerspezfisiche Dienstleistungen ein. Der Anbieter ist Empf\u00e4nger von Personendaten im Rahmen der genannten Bearbeitung. Betroffene Personen sind Interessenten und Nutzer.<\/p>\n\n\n\n<h4 class=\"wp-block-heading\">6.2.14. \u200bMicrosoft Authenticator\u200b<\/h4>\n\n\n\n<p>Wir setzen einen Dienst des Anbieters Microsoft Corporation, One Microsoft Way, Redmond, WA 98052-6399, USA (Datenschutzerkl\u00e4rung: https:\/\/privacy.microsoft.com\/de-de\/privacystatement) zur Verwaltung von Authentifizierungen ein. Der Anbieter ist Empf\u00e4nger von Personendaten im Rahmen der genannten Bearbeitung. Betroffene Personen sind Nutzer.<\/p>\n\n\n\n<p>Der Anbieter bearbeitet Personendaten in der EU. Hinweise zu Garantien nach Artikel 16 Absatz 2 finden sich im Abschnitt &#171;Bekanntgabe ins Ausland&#187;.<\/p>\n\n\n\n<h4 class=\"wp-block-heading\">6.2.15. \u200bLastpass\u200b<\/h4>\n\n\n\n<p>Wir setzen einen Dienst des Anbieters LogMeIn Ireland Unlimited Company, The Reflector, 10 Hanover Quay, Dublin 2, D02R73, Irland (Datenschutzerkl\u00e4rung: https:\/\/www.logmein.com\/de\/legal\/privacy\/international) zur Speicherung von Passw\u00f6rtern ein. Der Anbieter ist Empf\u00e4nger von Personendaten im Rahmen der genannten Bearbeitung. Betroffene Personen sind Mitarbeiter und Kunden.<\/p>\n\n\n\n<p>Der Anbieter bearbeitet Personendaten in der EU. Hinweise zu Garantien nach Artikel 16 Absatz 2 finden sich im Abschnitt &#171;Bekanntgabe ins Ausland&#187;.<\/p>\n\n\n\n<h4 class=\"wp-block-heading\">6.2.16. \u200bLastpass\u200b<\/h4>\n\n\n\n<p>Wir setzen einen Dienst des Anbieters LogMeIn Ireland Unlimited Company, The Reflector, 10 Hanover Quay, Dublin 2, D02R73, Irland (Datenschutzerkl\u00e4rung: https:\/\/www.logmein.com\/de\/legal\/privacy\/international) zur Speicherung von Passw\u00f6rtern ein. Der Anbieter ist Empf\u00e4nger von Personendaten im Rahmen der genannten Bearbeitung. Betroffene Personen sind Mitarbeiter und Kunden.<\/p>\n\n\n\n<p>Der Anbieter bearbeitet Personendaten in den USA. Hinweise zu Garantien nach Artikel 16 Absatz 2 finden sich im Abschnitt &#171;Bekanntgabe ins Ausland&#187;.<\/p>\n\n\n\n<h4 class=\"wp-block-heading\">6.2.17. \u200bSynology Active Backup\u200b<\/h4>\n\n\n\n<p>Wir setzen einen Dienst des Anbieters Synology Inc., 9F, No. 1, Yuan Dong Rd., Banqiao, New Taipei 22063, Taiwan\u200e (Datenschutzerkl\u00e4rung: https:\/\/www.synology.com\/de-de\/privacy) als Back-up ein. Der Anbieter ist Empf\u00e4nger von Personendaten im Rahmen der genannten Bearbeitung. Betroffene Personen sind Nutzer.<\/p>\n\n\n\n<p>Der Anbieter bearbeitet Personendaten in den USA. Hinweise zu Garantien nach Artikel 16 Absatz 2 finden sich im Abschnitt &#171;Bekanntgabe ins Ausland&#187;.<\/p>\n\n\n\n<h3 class=\"wp-block-heading\">7. \u00c4nderungen dieser Datenschutzerkl\u00e4rung<\/h3>\n\n\n\n<p>Wir behalten uns das Recht vor, diese Datenschutzerkl\u00e4rung mit Wirkung f\u00fcr die Zukunft zu \u00e4ndern. Eine aktuelle Version ist jeweils hier verf\u00fcgbar.<\/p>\n\n\n\n<h3 class=\"wp-block-heading\">8. Fragen und Kommentare<\/h3>\n\n\n\n<p>F\u00fcr Fragen oder Kommentare bez\u00fcglich dieser Datenschutzerkl\u00e4rung stehen wir gern unter den oben angegebenen Kontaktdaten zur Verf\u00fcgung.<\/p>\n","protected":false},"excerpt":{"rendered":"<p>Datenschutzerkl\u00e4rung 1. Einleitung Im Folgenden informieren wir \u00fcber die Bearbeitung von Personendaten Personendaten sind alle Angaben, die sich auf eine bestimmte oder bestimmbare nat\u00fcrliche Person beziehen, z. B.&hellip;<\/p>\n","protected":false},"author":2,"featured_media":0,"parent":0,"menu_order":0,"comment_status":"closed","ping_status":"closed","template":"","meta":{"footnotes":""},"class_list":["post-2059","page","type-page","status-publish","has-post-thumbnail","hentry"],"_links":{"self":[{"href":"https:\/\/lerjen-grogg.ch\/site\/wp-json\/wp\/v2\/pages\/2059","targetHints":{"allow":["GET"]}}],"collection":[{"href":"https:\/\/lerjen-grogg.ch\/site\/wp-json\/wp\/v2\/pages"}],"about":[{"href":"https:\/\/lerjen-grogg.ch\/site\/wp-json\/wp\/v2\/types\/page"}],"author":[{"embeddable":true,"href":"https:\/\/lerjen-grogg.ch\/site\/wp-json\/wp\/v2\/users\/2"}],"replies":[{"embeddable":true,"href":"https:\/\/lerjen-grogg.ch\/site\/wp-json\/wp\/v2\/comments?post=2059"}],"version-history":[{"count":8,"href":"https:\/\/lerjen-grogg.ch\/site\/wp-json\/wp\/v2\/pages\/2059\/revisions"}],"predecessor-version":[{"id":2137,"href":"https:\/\/lerjen-grogg.ch\/site\/wp-json\/wp\/v2\/pages\/2059\/revisions\/2137"}],"wp:attachment":[{"href":"https:\/\/lerjen-grogg.ch\/site\/wp-json\/wp\/v2\/media?parent=2059"}],"curies":[{"name":"wp","href":"https:\/\/api.w.org\/{rel}","templated":true}]}}